{"id":17,"date":"2019-11-08T16:56:24","date_gmt":"2019-11-08T15:56:24","guid":{"rendered":"https:\/\/bcv-beberanien.de\/?page_id=17"},"modified":"2020-01-04T12:28:37","modified_gmt":"2020-01-04T11:28:37","slug":"vereinsgeschichte","status":"publish","type":"page","link":"https:\/\/bcv-beberanien.de\/?page_id=17","title":{"rendered":"Vereinsgeschichte"},"content":{"rendered":"\n<h2 class=\"wp-block-heading\">Es war einmal&#8230;<\/h2>\n\n\n\n<p>&#8230;Eine kleine M\u00e4nnerrunde fasste vor\u00a060 Jahren (1952) am Stammtisch im Gasthof &#8222;Zur gr\u00fcnen Espe&#8220; den Entschluss: Wir feiern in Bebra Karneval! Ideen und Vorstellungen wurden ausgetauscht, verworfen und neu beschlossen. Einer dieser M\u00e4nner, Karl Goerk, kam aus Frankfurt am Main und wusste viel \u00fcber die dortigen Traditionen zu berichten. Daher ist es nicht verwunderlich, dass den Beberanern der Mainzer Karneval als Vorbild diente.<\/p>\n\n\n\n<p>Bereits ein Jahr sp\u00e4ter wurde die kleine Narrenschar im Ort aktiv, spontan gab es einen musikalischen Umzug, der die Bewohner f\u00fcr das n\u00e4rrische Treiben aktivierte. In dieser Zeit trugen die Narren weder einheitliche Uniformen noch gab es feste Rituale.<\/p>\n\n\n\n<p>Umso mehr verwunderte es, dass in den Jahren darauf eine pr\u00e4chtige Garde, Elferrat, Tanz- und Gesangsgruppen sowie B\u00fcttenredner das n\u00e4rrische Treiben bestimmten.<\/p>\n\n\n\n<p>Der Funke war \u00fcbergesprungen, die Beberaner waren begeistert, alle machten mit, ob alt oder jung. So steigerte sich die Lust am Karneval Jahr f\u00fcr Jahr. In der damaligen Zeit wurde der Bebraer Karneval zur Hochburg des n\u00e4rrischen Treibens.<\/p>\n\n\n\n<p>Er begeisterte alle Menschen in der gesamten Region. J\u00e4hrlich wurden die Programme erweitert und neue aktive Mitglieder gewonnen.<\/p>\n\n\n\n<p>Au\u00dferdem wurden zum Beispiel ein Damenelferrat gegr\u00fcndet, neue Gesangstalente entdeckt und humorvolle Sketche gestaltet.<\/p>\n\n\n\n<p>Typisch f\u00fcr die damalige Zeit war eine gemischte Prinzengarde mit Gardemajor.<\/p>\n\n\n\n<p>Der ganze Stolz der Beberaner war ihr Spielmannszug. Viele Jahre war er immer dabei, ob Rosenmontagsumzug, Prunksitzung oder Kinderkarneval.<\/p>\n\n\n\n<p>Und wie die Gro\u00dfen summen, so zwitschern auch die Jungen!<\/p>\n\n\n\n<p>\u00dcbertragen auf den Bebraer Karneval hei\u00dft dies, dass mit dem n\u00e4rrischen Treiben der Erwachsenen auch der Kinderfasching in Beberanien Einzug hielt und bis in die Gegenwart Bestand hat. Zun\u00e4chst gab es lustige Kindernachmittage mit Tanz und Spiel, bei denen Kinder die vielf\u00e4ltigsten Kost\u00fcme trugen. Typisch f\u00fcr die damalige Zeit in den 50er Jahren waren die Knirpse z.Bsp. als M\u00e4rchenfiguren und Clowns kost\u00fcmiert, aber auch Berufe wie B\u00e4cker, Schornsteinfeger oder J\u00e4ger wurden dargestellt. Mit einfachen Mitteln fertigten Eltern bzw. Gro\u00dfeltern die karnevalistische Bekleidung. Faschingskost\u00fcme, wie wir sie heute kaufen k\u00f6nnen, gab es damals nicht. Dennoch bot sich an den n\u00e4rrischen Tagen ein farbenfrohes, fr\u00f6hliches Bild f\u00fcr alle Teilnehmer.<\/p>\n\n\n\n<p>Mehr und mehr brachten sich in dieser Zeit auch die Lehrer der Schule sowie die Kinderg\u00e4rtnerinnen des Bebraer Kindergartens ein. Sie gestalteten Programme und unterst\u00fctzten mit ihrer Arbeit den gro\u00dfen Umzug. Das erste Prinzenpaar der Schule, Gudrun I. und Peter I., regierte im Jahr 1957.<\/p>\n\n\n\n<p>Im gleichen Jahr fand auch die erste Kinderprunksitzung statt. Wie bei den Gro\u00dfen gab es einen Elferrat sowie eine pr\u00e4chtige Garde mit ihrem Gardemarschall, was im Wesentlichen bis heute traditionell fortgef\u00fchrt wird. Der erste Kinderpr\u00e4sident war Hasso Lossius.<\/p>\n\n\n\n<p>Besondere Unterst\u00fctzung erfuhren die &#8222;n\u00e4rrischen Kinder&#8220; vom damaligen Schulleiter H. Haubold, der mit vielen Fotos das Treiben im Bild festhielt. Weiterhin ist hier Frau Hoppe zu nennen, die f\u00fcr Tanz und Musik sorgte. Aber auch der Zeichenlehrer Herr Stelzner gestaltete mit den Kindern gemeinsam anspruchsvolle Festwagen f\u00fcr den gro\u00dfen Rosenmontagsumzug.<\/p>\n\n\n\n<p>F\u00fcr die karnevalistische Arbeit im Kindergarten&nbsp;waren in diesen Jahren vor allem Ilse Hohnstein und Ilse Landgraf verantwortlich, gefolgt von Hildchen Engemann und Heidi Kroll. In den 70er Jahren wurden&nbsp;die Kinderkarnevalsprogramme zunehmend von Kindergarten und Schule unter Federf\u00fchrung von Gudrun Werther und von Doris Rochau mit Prinzenpaaren, Garden und Tanzmariechen ausgestaltet.<\/p>\n\n\n\n<p>Wurden&nbsp;die Kinderkarnevalsprogramme der Kinder in der Anfangszeit au\u00dfer in der Espe&nbsp;zur Ausgestaltung von Betriebsfeiern im IKA, auf&nbsp;dem Schacht oder dem Possen aufgef\u00fchrt, so r\u00fcckten nach der Wende vordergr\u00fcndig die Senioren von Bebra oder auch in Seniorenheimen in den Zuschauerfokus. Wieder war es Gudrun Werther,&nbsp;die den Kinderkarneval wieder aufleben lie\u00df und holte sich Kerstin Gerlach gleich mit ins Boot, damit&nbsp;die Verbindung zur Schule&nbsp;und damit die Koordination mit der Basis immer funktionierten.<\/p>\n\n\n\n<p>Engagement&nbsp;und Freude geh\u00f6rten stets&nbsp;zueinander, so nimmt auch der Bebraer Kinderkarneval seit 1999 einen wesentlichen Platz im gro\u00dfen Schulfasching der Grundschule Franzberg ein.<\/p>\n\n\n\n<p>Kinder, die einmal auf der B\u00fchne standen, konnten f\u00fcr sich nur dazugewinnen, ob eine Portion Selbstvertrauen oder auch Stolz. Unterst\u00fctzung als Selbstverst\u00e4ndlichkeit gab es stets durch den Verein und die flei\u00dfigen Trainer, die in der n\u00e4rrischen Saison viel Kraft und Zeit in die Vorbereitung investieren.<\/p>\n\n\n\n<p>Kinder von damals pflegten diese sch\u00f6ne Tradition, Kinder von heute werden dies auch tun. Zum Teil sind die Kinder von damals noch heute Aktive im Verein &#8211; und das seit mehr als 40 Jahren. Kinder von heute werden vielleicht auch einer langen n\u00e4rrischen Zeit entgegenblicken.<\/p>\n","protected":false},"excerpt":{"rendered":"<p>Es war einmal&#8230; &#8230;Eine kleine M\u00e4nnerrunde fasste vor\u00a060 Jahren (1952) am Stammtisch im Gasthof &#8222;Zur gr\u00fcnen Espe&#8220; den Entschluss: Wir feiern in Bebra Karneval! Ideen und Vorstellungen wurden ausgetauscht, verworfen und neu beschlossen. Einer dieser M\u00e4nner, Karl Goerk, kam aus Frankfurt am Main und wusste viel \u00fcber die dortigen Traditionen zu berichten. Daher ist es &hellip; <\/p>\n<p class=\"link-more\"><a href=\"https:\/\/bcv-beberanien.de\/?page_id=17\" class=\"more-link\"><span class=\"screen-reader-text\">\u201eVereinsgeschichte\u201c<\/span> weiterlesen<\/a><\/p>\n","protected":false},"author":1,"featured_media":18,"parent":0,"menu_order":0,"comment_status":"closed","ping_status":"closed","template":"","meta":{"_exactmetrics_skip_tracking":false,"_exactmetrics_sitenote_active":false,"_exactmetrics_sitenote_note":"","_exactmetrics_sitenote_category":0,"footnotes":""},"class_list":["post-17","page","type-page","status-publish","has-post-thumbnail","hentry"],"yoast_head":"<!-- This site is optimized with the Yoast SEO plugin v27.5 - https:\/\/yoast.com\/product\/yoast-seo-wordpress\/ -->\n<title>Vereinsgeschichte - BCV Blau-Weiss-Beberanien e.V.<\/title>\n<meta name=\"robots\" content=\"index, follow, max-snippet:-1, max-image-preview:large, max-video-preview:-1\" \/>\n<link rel=\"canonical\" href=\"https:\/\/bcv-beberanien.de\/?page_id=17\" \/>\n<meta property=\"og:locale\" content=\"de_DE\" \/>\n<meta property=\"og:type\" content=\"article\" \/>\n<meta property=\"og:title\" content=\"Vereinsgeschichte - BCV Blau-Weiss-Beberanien e.V.\" \/>\n<meta property=\"og:description\" content=\"Es war einmal&#8230; &#8230;Eine kleine M\u00e4nnerrunde fasste vor\u00a060 Jahren (1952) am Stammtisch im Gasthof &#8222;Zur gr\u00fcnen Espe&#8220; den Entschluss: Wir feiern in Bebra Karneval! Ideen und Vorstellungen wurden ausgetauscht, verworfen und neu beschlossen. Einer dieser M\u00e4nner, Karl Goerk, kam aus Frankfurt am Main und wusste viel \u00fcber die dortigen Traditionen zu berichten. Daher ist es &hellip; \u201eVereinsgeschichte\u201c weiterlesen\" \/>\n<meta property=\"og:url\" content=\"https:\/\/bcv-beberanien.de\/?page_id=17\" \/>\n<meta property=\"og:site_name\" content=\"BCV Blau-Weiss-Beberanien e.V.\" \/>\n<meta property=\"article:modified_time\" content=\"2020-01-04T11:28:37+00:00\" \/>\n<meta property=\"og:image\" content=\"https:\/\/bcv-beberanien.de\/wp-content\/uploads\/2019\/11\/26557311.jpg\" \/>\n\t<meta property=\"og:image:width\" content=\"448\" \/>\n\t<meta property=\"og:image:height\" content=\"317\" \/>\n\t<meta property=\"og:image:type\" content=\"image\/jpeg\" \/>\n<meta name=\"twitter:card\" content=\"summary_large_image\" \/>\n<meta name=\"twitter:label1\" content=\"Gesch\u00e4tzte Lesezeit\" \/>\n\t<meta name=\"twitter:data1\" content=\"4\u00a0Minuten\" \/>\n<script type=\"application\/ld+json\" class=\"yoast-schema-graph\">{\"@context\":\"https:\\\/\\\/schema.org\",\"@graph\":[{\"@type\":\"WebPage\",\"@id\":\"https:\\\/\\\/bcv-beberanien.de\\\/?page_id=17\",\"url\":\"https:\\\/\\\/bcv-beberanien.de\\\/?page_id=17\",\"name\":\"Vereinsgeschichte - BCV Blau-Weiss-Beberanien e.V.\",\"isPartOf\":{\"@id\":\"https:\\\/\\\/bcv-beberanien.de\\\/#website\"},\"primaryImageOfPage\":{\"@id\":\"https:\\\/\\\/bcv-beberanien.de\\\/?page_id=17#primaryimage\"},\"image\":{\"@id\":\"https:\\\/\\\/bcv-beberanien.de\\\/?page_id=17#primaryimage\"},\"thumbnailUrl\":\"https:\\\/\\\/bcv-beberanien.de\\\/wp-content\\\/uploads\\\/2019\\\/11\\\/26557311.jpg\",\"datePublished\":\"2019-11-08T15:56:24+00:00\",\"dateModified\":\"2020-01-04T11:28:37+00:00\",\"breadcrumb\":{\"@id\":\"https:\\\/\\\/bcv-beberanien.de\\\/?page_id=17#breadcrumb\"},\"inLanguage\":\"de\",\"potentialAction\":[{\"@type\":\"ReadAction\",\"target\":[\"https:\\\/\\\/bcv-beberanien.de\\\/?page_id=17\"]}]},{\"@type\":\"ImageObject\",\"inLanguage\":\"de\",\"@id\":\"https:\\\/\\\/bcv-beberanien.de\\\/?page_id=17#primaryimage\",\"url\":\"https:\\\/\\\/bcv-beberanien.de\\\/wp-content\\\/uploads\\\/2019\\\/11\\\/26557311.jpg\",\"contentUrl\":\"https:\\\/\\\/bcv-beberanien.de\\\/wp-content\\\/uploads\\\/2019\\\/11\\\/26557311.jpg\",\"width\":448,\"height\":317},{\"@type\":\"BreadcrumbList\",\"@id\":\"https:\\\/\\\/bcv-beberanien.de\\\/?page_id=17#breadcrumb\",\"itemListElement\":[{\"@type\":\"ListItem\",\"position\":1,\"name\":\"Startseite\",\"item\":\"https:\\\/\\\/bcv-beberanien.de\\\/\"},{\"@type\":\"ListItem\",\"position\":2,\"name\":\"Vereinsgeschichte\"}]},{\"@type\":\"WebSite\",\"@id\":\"https:\\\/\\\/bcv-beberanien.de\\\/#website\",\"url\":\"https:\\\/\\\/bcv-beberanien.de\\\/\",\"name\":\"BCV Blau-Weiss-Beberanien e.V.\",\"description\":\"Narrenschar von Bebra seit 1952.\",\"publisher\":{\"@id\":\"https:\\\/\\\/bcv-beberanien.de\\\/#organization\"},\"potentialAction\":[{\"@type\":\"SearchAction\",\"target\":{\"@type\":\"EntryPoint\",\"urlTemplate\":\"https:\\\/\\\/bcv-beberanien.de\\\/?s={search_term_string}\"},\"query-input\":{\"@type\":\"PropertyValueSpecification\",\"valueRequired\":true,\"valueName\":\"search_term_string\"}}],\"inLanguage\":\"de\"},{\"@type\":\"Organization\",\"@id\":\"https:\\\/\\\/bcv-beberanien.de\\\/#organization\",\"name\":\"BCV Blau-Weiss-Beberanien e.V.\",\"url\":\"https:\\\/\\\/bcv-beberanien.de\\\/\",\"logo\":{\"@type\":\"ImageObject\",\"inLanguage\":\"de\",\"@id\":\"https:\\\/\\\/bcv-beberanien.de\\\/#\\\/schema\\\/logo\\\/image\\\/\",\"url\":\"https:\\\/\\\/bcv-beberanien.de\\\/wp-content\\\/uploads\\\/2019\\\/11\\\/cropped-Wappen-1.jpg\",\"contentUrl\":\"https:\\\/\\\/bcv-beberanien.de\\\/wp-content\\\/uploads\\\/2019\\\/11\\\/cropped-Wappen-1.jpg\",\"width\":214,\"height\":250,\"caption\":\"BCV Blau-Weiss-Beberanien e.V.\"},\"image\":{\"@id\":\"https:\\\/\\\/bcv-beberanien.de\\\/#\\\/schema\\\/logo\\\/image\\\/\"}}]}<\/script>\n<!-- \/ Yoast SEO plugin. -->","yoast_head_json":{"title":"Vereinsgeschichte - BCV Blau-Weiss-Beberanien e.V.","robots":{"index":"index","follow":"follow","max-snippet":"max-snippet:-1","max-image-preview":"max-image-preview:large","max-video-preview":"max-video-preview:-1"},"canonical":"https:\/\/bcv-beberanien.de\/?page_id=17","og_locale":"de_DE","og_type":"article","og_title":"Vereinsgeschichte - BCV Blau-Weiss-Beberanien e.V.","og_description":"Es war einmal&#8230; &#8230;Eine kleine M\u00e4nnerrunde fasste vor\u00a060 Jahren (1952) am Stammtisch im Gasthof &#8222;Zur gr\u00fcnen Espe&#8220; den Entschluss: Wir feiern in Bebra Karneval! Ideen und Vorstellungen wurden ausgetauscht, verworfen und neu beschlossen. Einer dieser M\u00e4nner, Karl Goerk, kam aus Frankfurt am Main und wusste viel \u00fcber die dortigen Traditionen zu berichten. Daher ist es &hellip; \u201eVereinsgeschichte\u201c weiterlesen","og_url":"https:\/\/bcv-beberanien.de\/?page_id=17","og_site_name":"BCV Blau-Weiss-Beberanien e.V.","article_modified_time":"2020-01-04T11:28:37+00:00","og_image":[{"width":448,"height":317,"url":"https:\/\/bcv-beberanien.de\/wp-content\/uploads\/2019\/11\/26557311.jpg","type":"image\/jpeg"}],"twitter_card":"summary_large_image","twitter_misc":{"Gesch\u00e4tzte Lesezeit":"4\u00a0Minuten"},"schema":{"@context":"https:\/\/schema.org","@graph":[{"@type":"WebPage","@id":"https:\/\/bcv-beberanien.de\/?page_id=17","url":"https:\/\/bcv-beberanien.de\/?page_id=17","name":"Vereinsgeschichte - BCV Blau-Weiss-Beberanien e.V.","isPartOf":{"@id":"https:\/\/bcv-beberanien.de\/#website"},"primaryImageOfPage":{"@id":"https:\/\/bcv-beberanien.de\/?page_id=17#primaryimage"},"image":{"@id":"https:\/\/bcv-beberanien.de\/?page_id=17#primaryimage"},"thumbnailUrl":"https:\/\/bcv-beberanien.de\/wp-content\/uploads\/2019\/11\/26557311.jpg","datePublished":"2019-11-08T15:56:24+00:00","dateModified":"2020-01-04T11:28:37+00:00","breadcrumb":{"@id":"https:\/\/bcv-beberanien.de\/?page_id=17#breadcrumb"},"inLanguage":"de","potentialAction":[{"@type":"ReadAction","target":["https:\/\/bcv-beberanien.de\/?page_id=17"]}]},{"@type":"ImageObject","inLanguage":"de","@id":"https:\/\/bcv-beberanien.de\/?page_id=17#primaryimage","url":"https:\/\/bcv-beberanien.de\/wp-content\/uploads\/2019\/11\/26557311.jpg","contentUrl":"https:\/\/bcv-beberanien.de\/wp-content\/uploads\/2019\/11\/26557311.jpg","width":448,"height":317},{"@type":"BreadcrumbList","@id":"https:\/\/bcv-beberanien.de\/?page_id=17#breadcrumb","itemListElement":[{"@type":"ListItem","position":1,"name":"Startseite","item":"https:\/\/bcv-beberanien.de\/"},{"@type":"ListItem","position":2,"name":"Vereinsgeschichte"}]},{"@type":"WebSite","@id":"https:\/\/bcv-beberanien.de\/#website","url":"https:\/\/bcv-beberanien.de\/","name":"BCV Blau-Weiss-Beberanien e.V.","description":"Narrenschar von Bebra seit 1952.","publisher":{"@id":"https:\/\/bcv-beberanien.de\/#organization"},"potentialAction":[{"@type":"SearchAction","target":{"@type":"EntryPoint","urlTemplate":"https:\/\/bcv-beberanien.de\/?s={search_term_string}"},"query-input":{"@type":"PropertyValueSpecification","valueRequired":true,"valueName":"search_term_string"}}],"inLanguage":"de"},{"@type":"Organization","@id":"https:\/\/bcv-beberanien.de\/#organization","name":"BCV Blau-Weiss-Beberanien e.V.","url":"https:\/\/bcv-beberanien.de\/","logo":{"@type":"ImageObject","inLanguage":"de","@id":"https:\/\/bcv-beberanien.de\/#\/schema\/logo\/image\/","url":"https:\/\/bcv-beberanien.de\/wp-content\/uploads\/2019\/11\/cropped-Wappen-1.jpg","contentUrl":"https:\/\/bcv-beberanien.de\/wp-content\/uploads\/2019\/11\/cropped-Wappen-1.jpg","width":214,"height":250,"caption":"BCV Blau-Weiss-Beberanien e.V."},"image":{"@id":"https:\/\/bcv-beberanien.de\/#\/schema\/logo\/image\/"}}]}},"_links":{"self":[{"href":"https:\/\/bcv-beberanien.de\/index.php?rest_route=\/wp\/v2\/pages\/17","targetHints":{"allow":["GET"]}}],"collection":[{"href":"https:\/\/bcv-beberanien.de\/index.php?rest_route=\/wp\/v2\/pages"}],"about":[{"href":"https:\/\/bcv-beberanien.de\/index.php?rest_route=\/wp\/v2\/types\/page"}],"author":[{"embeddable":true,"href":"https:\/\/bcv-beberanien.de\/index.php?rest_route=\/wp\/v2\/users\/1"}],"replies":[{"embeddable":true,"href":"https:\/\/bcv-beberanien.de\/index.php?rest_route=%2Fwp%2Fv2%2Fcomments&post=17"}],"version-history":[{"count":3,"href":"https:\/\/bcv-beberanien.de\/index.php?rest_route=\/wp\/v2\/pages\/17\/revisions"}],"predecessor-version":[{"id":315,"href":"https:\/\/bcv-beberanien.de\/index.php?rest_route=\/wp\/v2\/pages\/17\/revisions\/315"}],"wp:featuredmedia":[{"embeddable":true,"href":"https:\/\/bcv-beberanien.de\/index.php?rest_route=\/wp\/v2\/media\/18"}],"wp:attachment":[{"href":"https:\/\/bcv-beberanien.de\/index.php?rest_route=%2Fwp%2Fv2%2Fmedia&parent=17"}],"curies":[{"name":"wp","href":"https:\/\/api.w.org\/{rel}","templated":true}]}}